{"id":18,"date":"2016-03-09T17:05:17","date_gmt":"2016-03-09T16:05:17","guid":{"rendered":"http:\/\/maler-neubauer.de\/wordpress\/?page_id=18"},"modified":"2025-01-29T14:22:01","modified_gmt":"2025-01-29T13:22:01","slug":"taetigkeitsfelder","status":"publish","type":"page","link":"http:\/\/maler-neubauer.de\/wordpress\/taetigkeitsfelder\/","title":{"rendered":"T\u00e4tigkeitsfelder"},"content":{"rendered":"<p><strong>Malerarbeiten aller Art:<\/strong> Anstriche und Lackierungen geh\u00f6ren genauso zu unseren Aufgaben, wie Tapezierarbeiten, Renovierungen und dekorative Accessoires. Dabei legen wir besonderen Wert auf ihre individuellen raumgestalterischen W\u00fcnsche. Auf der Suche nach passenden Materialien und entsprechenden Farben stehen wir ihnen gern zur Seite.<\/p>\n<p><center><a href=\"http:\/\/maler-neubauer.de\/wordpress\/wp-content\/uploads\/2016\/03\/neubauer_maler1.jpg\" rel=\"lightbox\"><img loading=\"lazy\" decoding=\"async\" src=\"http:\/\/maler-neubauer.de\/wordpress\/wp-content\/uploads\/2016\/03\/neubauer_maler1-150x150.jpg\" alt=\"neubauer_maler1\" width=\"150\" height=\"150\" \/><\/a><a href=\"http:\/\/maler-neubauer.de\/wordpress\/wp-content\/uploads\/2017\/01\/image-2017-01-239.jpg\"  rel=\"lightbox[18] attachment wp-att-236\"><img loading=\"lazy\" decoding=\"async\" class=\"alignnone size-thumbnail wp-image-236\" src=\"http:\/\/maler-neubauer.de\/wordpress\/wp-content\/uploads\/2017\/01\/image-2017-01-239-150x150.jpg\" alt=\"image-2017-01-23(9)\" width=\"150\" height=\"150\" \/><\/a> <a href=\"http:\/\/maler-neubauer.de\/wordpress\/wp-content\/uploads\/2016\/03\/neubauer_maler2.jpg\" rel=\"lightbox\"><img loading=\"lazy\" decoding=\"async\" src=\"http:\/\/maler-neubauer.de\/wordpress\/wp-content\/uploads\/2016\/03\/neubauer_maler2-150x150.jpg\" alt=\"neubauer_maler2\" width=\"150\" height=\"150\" \/><\/a> <a href=\"http:\/\/maler-neubauer.de\/wordpress\/wp-content\/uploads\/2016\/03\/neubauer_maler3.jpg\" rel=\"lightbox\"><img loading=\"lazy\" decoding=\"async\" class=\"size-thumbnail wp-image-23 alignnone\" src=\"http:\/\/maler-neubauer.de\/wordpress\/wp-content\/uploads\/2016\/03\/neubauer_maler3-150x150.jpg\" alt=\"neubauer_maler3\" width=\"150\" height=\"150\" \/><\/a><\/center><\/p>\n<hr width=\"100%\" \/>\n<p><strong>Fassaden und D\u00e4mmungen:<\/strong> Durch die von uns angewandten W\u00e4rmeverbundsysteme sparen\u00a0 sie Heizenergie, ihr Au\u00dfenmauerwerk wird vor Witterungseinfl\u00fcssen gesch\u00fctzt und ihre Fassade bekommt eine gestalterische Aufwertung.<\/p>\n<p><center><a href=\"http:\/\/maler-neubauer.de\/wordpress\/wp-content\/uploads\/2016\/03\/neubauer_fassade1.jpg\" rel=\"lightbox\"><img loading=\"lazy\" decoding=\"async\" class=\"size-thumbnail wp-image-34 alignnone\" src=\"http:\/\/maler-neubauer.de\/wordpress\/wp-content\/uploads\/2016\/03\/neubauer_fassade1-150x150.jpg\" alt=\"neubauer_fassade1\" width=\"150\" height=\"150\" \/><\/a> <a href=\"http:\/\/maler-neubauer.de\/wordpress\/wp-content\/uploads\/2017\/01\/image-2017-01-238.jpg\"  rel=\"lightbox[18] attachment wp-att-235\"><img loading=\"lazy\" decoding=\"async\" class=\"alignnone size-thumbnail wp-image-235\" src=\"http:\/\/maler-neubauer.de\/wordpress\/wp-content\/uploads\/2017\/01\/image-2017-01-238-150x150.jpg\" alt=\"image-2017-01-23(8)\" width=\"150\" height=\"150\" \/><\/a> <a href=\"http:\/\/maler-neubauer.de\/wordpress\/wp-content\/uploads\/2016\/03\/neubauer_fassade6.jpg\" rel=\"lightbox\"><img loading=\"lazy\" decoding=\"async\" class=\"alignnone size-thumbnail wp-image-39\" src=\"http:\/\/maler-neubauer.de\/wordpress\/wp-content\/uploads\/2016\/03\/neubauer_fassade6-150x150.jpg\" alt=\"neubauer_fassade6\" width=\"150\" height=\"150\" \/><\/a><a href=\"http:\/\/maler-neubauer.de\/wordpress\/wp-content\/uploads\/2017\/01\/image-2017-01-23.png\"  rel=\"lightbox[18] attachment wp-att-231\"><img loading=\"lazy\" decoding=\"async\" class=\"alignnone size-thumbnail wp-image-231\" src=\"http:\/\/maler-neubauer.de\/wordpress\/wp-content\/uploads\/2017\/01\/image-2017-01-23-150x150.png\" alt=\"image-2017-01-23\" width=\"150\" height=\"150\" \/><\/a><a href=\"http:\/\/maler-neubauer.de\/wordpress\/wp-content\/uploads\/2016\/03\/neubauer_fassade5.jpg\" rel=\"lightbox\"><img loading=\"lazy\" decoding=\"async\" class=\"alignnone size-thumbnail wp-image-38\" src=\"http:\/\/maler-neubauer.de\/wordpress\/wp-content\/uploads\/2016\/03\/neubauer_fassade5-150x150.jpg\" alt=\"neubauer_fassade5\" width=\"150\" height=\"150\" \/><\/a> <a href=\"http:\/\/maler-neubauer.de\/wordpress\/wp-content\/uploads\/2016\/03\/neubauer_fassade7.jpg\" rel=\"lightbox\"><img loading=\"lazy\" decoding=\"async\" class=\"size-thumbnail wp-image-40 alignnone\" src=\"http:\/\/maler-neubauer.de\/wordpress\/wp-content\/uploads\/2016\/03\/neubauer_fassade7-150x150.jpg\" alt=\"neubauer_fassade7\" width=\"150\" height=\"150\" \/><\/a><a href=\"http:\/\/maler-neubauer.de\/wordpress\/wp-content\/uploads\/2018\/01\/Fassadenpreis-Unterlauengasse-2-in-Jena-1-1.jpg\" rel=\"lightbox[18]\"><img loading=\"lazy\" decoding=\"async\" class=\"alignnone size-thumbnail wp-image-282\" src=\"http:\/\/maler-neubauer.de\/wordpress\/wp-content\/uploads\/2018\/01\/Fassadenpreis-Unterlauengasse-2-in-Jena-1-1-150x150.jpg\" alt=\"\" width=\"150\" height=\"150\" \/><\/a><\/center><\/p>\n<hr width=\"100%\" \/>\n<p style=\"text-align: justify;\" align=\"center\"><strong>Fu\u00dfb\u00f6den:<\/strong> Zur stilvollen Gestaltung ihres Raumes geh\u00f6rt nat\u00fcrlich auch ein ansprechender Fu\u00dfbodenbelag. Wir verlegen ihnen fachgerecht Textil-, PVC- und CV-Bel\u00e4ge, sowie Laminatb\u00f6den und Fertigparkett.<\/p>\n<p><center><a href=\"http:\/\/maler-neubauer.de\/wordpress\/wp-content\/uploads\/2016\/03\/neubauer_boden1.jpg\" rel=\"lightbox\"><img loading=\"lazy\" decoding=\"async\" class=\"alignnone size-thumbnail wp-image-50\" src=\"http:\/\/maler-neubauer.de\/wordpress\/wp-content\/uploads\/2016\/03\/neubauer_boden1-150x150.jpg\" alt=\"neubauer_boden1\" width=\"150\" height=\"150\" \/><\/a> <a href=\"http:\/\/maler-neubauer.de\/wordpress\/wp-content\/uploads\/2016\/03\/neubauer_boden2.jpg\" rel=\"lightbox\"><img loading=\"lazy\" decoding=\"async\" class=\"alignnone size-thumbnail wp-image-51\" src=\"http:\/\/maler-neubauer.de\/wordpress\/wp-content\/uploads\/2016\/03\/neubauer_boden2-150x150.jpg\" alt=\"neubauer_boden2\" width=\"150\" height=\"150\" \/><\/a> <a href=\"http:\/\/maler-neubauer.de\/wordpress\/wp-content\/uploads\/2016\/03\/neubauer_boden3.jpg\" rel=\"lightbox\"><img loading=\"lazy\" decoding=\"async\" class=\"alignnone size-thumbnail wp-image-52\" src=\"http:\/\/maler-neubauer.de\/wordpress\/wp-content\/uploads\/2016\/03\/neubauer_boden3-150x150.jpg\" alt=\"neubauer_boden3\" width=\"150\" height=\"150\" \/><\/a><\/center><\/p>\n<hr width=\"100%\" \/>\n<p><strong>Trockenbau:<\/strong> F\u00fcr die schnelle und flexible Rauml\u00f6sung ist die Leichtbauweise eine lohnende Alternative zum herk\u00f6mmlichen Mauerwerksbau. Wir bauen ihnen St\u00e4nderw\u00e4nde, verkleiden Decken und Dachschr\u00e4gen, belegen ihre Rohdecken mit Trockenestrich und begradigen ihre W\u00e4nde. Durch unsere Trockenbauverkleidung verbessern wir gleichzeitig den Brand- und Schallschutz ihres Geb\u00e4udes.<\/p>\n<p><center><a href=\"http:\/\/maler-neubauer.de\/wordpress\/wp-content\/uploads\/2016\/03\/neubauer_trockenbau1.jpg\" rel=\"lightbox\"><img loading=\"lazy\" decoding=\"async\" class=\"alignnone size-thumbnail wp-image-57\" src=\"http:\/\/maler-neubauer.de\/wordpress\/wp-content\/uploads\/2016\/03\/neubauer_trockenbau1-150x150.jpg\" alt=\"neubauer_trockenbau1\" width=\"150\" height=\"150\" \/><\/a> <a href=\"http:\/\/maler-neubauer.de\/wordpress\/wp-content\/uploads\/2016\/03\/neubauer_trockenbau2.jpg\" rel=\"lightbox\"><img loading=\"lazy\" decoding=\"async\" class=\"alignnone size-thumbnail wp-image-58\" src=\"http:\/\/maler-neubauer.de\/wordpress\/wp-content\/uploads\/2016\/03\/neubauer_trockenbau2-150x150.jpg\" alt=\"neubauer_trockenbau2\" width=\"150\" height=\"150\" \/><\/a> <a href=\"http:\/\/maler-neubauer.de\/wordpress\/wp-content\/uploads\/2016\/03\/neubauer_trockenbau3.jpg\" rel=\"lightbox\"><img loading=\"lazy\" decoding=\"async\" class=\"alignnone size-thumbnail wp-image-59\" src=\"http:\/\/maler-neubauer.de\/wordpress\/wp-content\/uploads\/2016\/03\/neubauer_trockenbau3-150x150.jpg\" alt=\"neubauer_trockenbau3\" width=\"150\" height=\"150\" \/><\/a><\/center><\/p>\n","protected":false},"excerpt":{"rendered":"<p>Malerarbeiten aller Art: Anstriche und Lackierungen geh\u00f6ren genauso zu unseren Aufgaben, wie Tapezierarbeiten, Renovierungen und dekorative Accessoires. Dabei legen wir besonderen Wert auf ihre individuellen raumgestalterischen W\u00fcnsche. Auf der Suche nach passenden Materialien und entsprechenden Farben stehen wir ihnen gern zur Seite. Fassaden und D\u00e4mmungen: Durch die von uns angewandten W\u00e4rmeverbundsysteme sparen\u00a0 sie Heizenergie, ihr&#8230; <a class=\"moretag\" href=\"http:\/\/maler-neubauer.de\/wordpress\/taetigkeitsfelder\/\">Weiter lesen &raquo;<\/a><\/p>\n","protected":false},"author":1,"featured_media":0,"parent":0,"menu_order":0,"comment_status":"closed","ping_status":"closed","template":"page-templates\/full-width.php","meta":{"footnotes":""},"class_list":["post-18","page","type-page","status-publish","hentry"],"_links":{"self":[{"href":"http:\/\/maler-neubauer.de\/wordpress\/wp-json\/wp\/v2\/pages\/18","targetHints":{"allow":["GET"]}}],"collection":[{"href":"http:\/\/maler-neubauer.de\/wordpress\/wp-json\/wp\/v2\/pages"}],"about":[{"href":"http:\/\/maler-neubauer.de\/wordpress\/wp-json\/wp\/v2\/types\/page"}],"author":[{"embeddable":true,"href":"http:\/\/maler-neubauer.de\/wordpress\/wp-json\/wp\/v2\/users\/1"}],"replies":[{"embeddable":true,"href":"http:\/\/maler-neubauer.de\/wordpress\/wp-json\/wp\/v2\/comments?post=18"}],"version-history":[{"count":26,"href":"http:\/\/maler-neubauer.de\/wordpress\/wp-json\/wp\/v2\/pages\/18\/revisions"}],"predecessor-version":[{"id":650,"href":"http:\/\/maler-neubauer.de\/wordpress\/wp-json\/wp\/v2\/pages\/18\/revisions\/650"}],"wp:attachment":[{"href":"http:\/\/maler-neubauer.de\/wordpress\/wp-json\/wp\/v2\/media?parent=18"}],"curies":[{"name":"wp","href":"https:\/\/api.w.org\/{rel}","templated":true}]}}